{"id":6538,"date":"2020-04-02T10:43:38","date_gmt":"2020-04-02T09:43:38","guid":{"rendered":"http:\/\/localhost:8080\/cfpml\/?page_id=6538"},"modified":"2022-03-22T12:16:40","modified_gmt":"2022-03-22T11:16:40","slug":"le-centre","status":"publish","type":"page","link":"https:\/\/www.cfpml-benin.com\/?page_id=6538","title":{"rendered":"Le centre"},"content":{"rendered":"<p>[vc_row css_animation=\u00a0\u00bbfadeIn\u00a0\u00bb css=\u00a0\u00bb.vc_custom_1585846575546{padding-top: 30px !important;}\u00a0\u00bb][vc_column][vc_column_text]CENTRE de FORMATION PROFESSIONNELLE des M\u00c9TIERS LIB\u00c9RAUX (<strong>CFPML<\/strong>) est un centre de formation professionnelle qualifiante reconnu officiellement par l\u2019Etat B\u00e9ninois (<strong>D\u00e9cision d\u2019Habilitation N\u00b0132\/MESTFP\/DC\/SGM\/DETFP\/CJ\/SA du 28 \/ 10 \/ 2018<\/strong>).<\/p>\n<p>Nous sommes situ\u00e9s \u00e0 Cotonou en R\u00e9publique du B\u00e9nin, plus pr\u00e9cis\u00e9ment au quartier Akpakpa-Surul\u00e9r\u00e9. Nous sommes sp\u00e9cialis\u00e9s dans la pr\u00e9paration aux m\u00e9tiers d\u2019avenir en Mode, Electrotechnique, Audiovisuelle, Esth\u00e9tique, Parapharmacie, Cr\u00e9ation et Programmation Web, Informatique, HTR et Commerce.[\/vc_column_text][\/vc_column][\/vc_row][vc_row css_animation=\u00a0\u00bbfadeInUp\u00a0\u00bb css=\u00a0\u00bb.vc_custom_1585846596234{margin-bottom: 63px !important;}\u00a0\u00bb][vc_column width=\u00a0\u00bb1\/2&Prime; css=\u00a0\u00bb.vc_custom_1471796770554{margin-bottom: 30px !important;}\u00a0\u00bb][vc_column_text]Notre mission est d\u2019apporter des solutions pratiques et efficaces aux probl\u00e8mes de qualification professionnelle (manque de qualification, insuffisance de qualification, inad\u00e9quation de qualification) qui emp\u00eachent les jeunes africains d\u2019acc\u00e9der rapidement et durablement \u00e0 l\u2019insertion professionnelle et \u00e0 l\u2019autonomie financi\u00e8re tant d\u00e9sir\u00e9es ; malgr\u00e9, parfois, de longues ann\u00e9es d\u2019\u00e9tudes pass\u00e9es dans le syst\u00e8me \u00e9ducatif classique.<\/p>\n<p><strong>Notre raison d\u2019\u00eatre est donc claire<\/strong> : outiller efficacement la jeunesse africaine face aux d\u00e9fis du ch\u00f4mage et du sous-emploi par des formations professionnelles de pointe qui garantissent un acc\u00e8s rapide et durable aux m\u00e9tiers d\u2019avenir dans les secteurs <em>du Stylisme, du Mod\u00e9lisme, du Design, de la Broderie, de l\u2019\u00e9lectricit\u00e9, de l\u2019Energie, de l\u2019\u00e9lectronique, de la Cr\u00e9ation et Programmation Web, de E-Marketing, du Web Design, de la Maintenance et R\u00e9seau Informatique, Cadrage et Montage professionnelle, Infographie, du Graphisme, de l\u2019informatique, de Auxiliaire en pharmacie, de la D\u00e9l\u00e9gation M\u00e9dicale, la Gestion du stock, du Tourisme, de l&rsquo;H\u00f4tellerie et Restauration, la gestion, la billetterie-Amadeus, de l\u2019Esth\u00e9tique, de l\u2019 Accueil t\u00e9l\u00e9phonique et physique et le Secr\u00e9tariat.<\/em>[\/vc_column_text][\/vc_column][vc_column width=\u00a0\u00bb1\/2&Prime; css=\u00a0\u00bb.vc_custom_1471796781968{margin-bottom: 30px !important;}\u00a0\u00bb][vc_column_text]Sans pour autant pr\u00e9tendre se substituer au syst\u00e8me \u00e9ducatif classique, nos programmes de formations sont con\u00e7us pour pallier aux insuffisances de ce dernier, r\u00e9put\u00e9 pour former en majorit\u00e9 des ch\u00f4meurs. C\u2019est pour cette raison qu\u2019ils sont directement orient\u00e9s vers l\u2019acquisition de comp\u00e9tences pratiques qui r\u00e9pondent aux besoins r\u00e9els du march\u00e9 du travail.<\/p>\n<p>Bien que davantage ax\u00e9es sur la pratique (<strong>85% environs<\/strong>), nos formations ne n\u00e9gligent pas pour autant la ma\u00eetrise des bases th\u00e9oriques indispensables (<strong>15% environs<\/strong>).<br \/>\nPar ailleurs, nos solutions de formations s\u2019adressent \u00e9galement aux professionnels d\u00e9j\u00e0 en activit\u00e9. Parce que tous les secteurs sont de nos jours sujets \u00e0 de perp\u00e9tuelles mutations, CFPML BENIN con\u00e7oit et ex\u00e9cute des programmes de formations continues de courtes dur\u00e9es pour vous aider \u00e0 demeurer comp\u00e9titifs dans votre domaine, que vous soyez un professionnel ind\u00e9pendant ou une organisation.<\/p>\n<p>Ces programmes sont destin\u00e9s \u00e0 r\u00e9pondre \u00e0 vos besoins d\u2019adaptation technologique et\/ou de perfectionnement.[\/vc_column_text][\/vc_column][\/vc_row]<\/p>\n","protected":false},"excerpt":{"rendered":"<p>[vc_row css_animation=\u00a0\u00bbfadeIn\u00a0\u00bb css=\u00a0\u00bb.vc_custom_1585846575546{padding-top: 30px !important;}\u00a0\u00bb][vc_column][vc_column_text]CENTRE de FORMATION PROFESSIONNELLE des M\u00c9TIERS LIB\u00c9RAUX (CFPML) est un centre de formation professionnelle qualifiante reconnu officiellement par l\u2019Etat B\u00e9ninois (D\u00e9cision d\u2019Habilitation N\u00b0132\/MESTFP\/DC\/SGM\/DETFP\/CJ\/SA du 28 \/ 10 \/ 2018). Nous sommes situ\u00e9s \u00e0 Cotonou en R\u00e9publique &hellip; <\/p>\n","protected":false},"author":1,"featured_media":0,"parent":0,"menu_order":0,"comment_status":"closed","ping_status":"closed","template":"","meta":{"_bbp_topic_count":0,"_bbp_reply_count":0,"_bbp_total_topic_count":0,"_bbp_total_reply_count":0,"_bbp_voice_count":0,"_bbp_anonymous_reply_count":0,"_bbp_topic_count_hidden":0,"_bbp_reply_count_hidden":0,"_bbp_forum_subforum_count":0,"footnotes":""},"class_list":["post-6538","page","type-page","status-publish","hentry"],"aioseo_notices":[],"_links":{"self":[{"href":"https:\/\/www.cfpml-benin.com\/index.php?rest_route=\/wp\/v2\/pages\/6538","targetHints":{"allow":["GET"]}}],"collection":[{"href":"https:\/\/www.cfpml-benin.com\/index.php?rest_route=\/wp\/v2\/pages"}],"about":[{"href":"https:\/\/www.cfpml-benin.com\/index.php?rest_route=\/wp\/v2\/types\/page"}],"author":[{"embeddable":true,"href":"https:\/\/www.cfpml-benin.com\/index.php?rest_route=\/wp\/v2\/users\/1"}],"replies":[{"embeddable":true,"href":"https:\/\/www.cfpml-benin.com\/index.php?rest_route=%2Fwp%2Fv2%2Fcomments&post=6538"}],"version-history":[{"count":5,"href":"https:\/\/www.cfpml-benin.com\/index.php?rest_route=\/wp\/v2\/pages\/6538\/revisions"}],"predecessor-version":[{"id":6555,"href":"https:\/\/www.cfpml-benin.com\/index.php?rest_route=\/wp\/v2\/pages\/6538\/revisions\/6555"}],"wp:attachment":[{"href":"https:\/\/www.cfpml-benin.com\/index.php?rest_route=%2Fwp%2Fv2%2Fmedia&parent=6538"}],"curies":[{"name":"wp","href":"https:\/\/api.w.org\/{rel}","templated":true}]}}